{"id":23566,"date":"2022-12-11T07:05:48","date_gmt":"2022-12-11T07:05:48","guid":{"rendered":"https:\/\/daphne.sk\/?post_type=bigling&#038;p=23566"},"modified":"2023-02-08T10:51:34","modified_gmt":"2023-02-08T10:51:34","slug":"neusiedlersee","status":"publish","type":"bigling","link":"https:\/\/daphne.sk\/de\/bigling\/neusiedlersee\/","title":{"rendered":"Neusiedlersee"},"content":{"rendered":"\n<div class=\"wp-block-columns is-layout-flex wp-container-core-columns-is-layout-28f84493 wp-block-columns-is-layout-flex\">\n<div class=\"wp-block-column is-vertically-aligned-center is-layout-flow wp-block-column-is-layout-flow\" style=\"flex-basis:50%\">\n<figure class=\"wp-block-image size-large\"><img decoding=\"async\" width=\"1024\" height=\"768\" src=\"https:\/\/daphne.sk\/wp-content\/uploads\/2022\/12\/Opis1-1-1024x768.jpeg\" alt=\"\" class=\"wp-image-21944\" srcset=\"https:\/\/daphne.sk\/wp-content\/uploads\/2022\/12\/Opis1-1-1024x768.jpeg 1024w, https:\/\/daphne.sk\/wp-content\/uploads\/2022\/12\/Opis1-1-300x225.jpeg 300w, https:\/\/daphne.sk\/wp-content\/uploads\/2022\/12\/Opis1-1-768x576.jpeg 768w, https:\/\/daphne.sk\/wp-content\/uploads\/2022\/12\/Opis1-1-1536x1152.jpeg 1536w, https:\/\/daphne.sk\/wp-content\/uploads\/2022\/12\/Opis1-1-2048x1536.jpeg 2048w, https:\/\/daphne.sk\/wp-content\/uploads\/2022\/12\/Opis1-1.jpeg 2560w\" sizes=\"(max-width: 1024px) 100vw, 1024px\" \/><figcaption class=\"wp-element-caption\">Graug\u00e4nse pr\u00e4gen das unverwechselbare Erscheinungsbild des Neusiedler Sees. Foto: \u0160efferov\u00e1 Stanov\u00e1<\/figcaption><\/figure>\n<\/div>\n\n\n\n<div class=\"wp-block-column is-vertically-aligned-center is-layout-flow wp-block-column-is-layout-flow\" style=\"flex-basis:50%\">\n<h3 class=\"wp-block-heading\" id=\"obsah\">Neusiedler See, Fert\u0151 t\u00f3<\/h3>\n\n\n\n<p>Etwa 100 km2 des Nationalparks Neusiedler See - Seewinkel liegt auf \u00f6sterreichischem und 200 km2 auf ungarischem Staatsgebiet unter dem Namen Fert\u0151-Hans\u00e1g. In der Umgebung kann man viele Radwege nutzen, die eine Gesamtl\u00e4nge von 2 500 km erreichen. Der beliebteste, 138 Kilometer lange Radweg, ist mit dem Donauradweg verbunden.<\/p>\n<\/div>\n<\/div>\n\n\n\n<div class=\"wp-block-columns is-layout-flex wp-container-core-columns-is-layout-28f84493 wp-block-columns-is-layout-flex\">\n<div class=\"wp-block-column is-vertically-aligned-center is-layout-flow wp-block-column-is-layout-flow\" style=\"flex-basis:50%\">\n<h3 class=\"wp-block-heading\">Vegetation<\/h3>\n\n\n\n<p id=\"paragOne\">Salzlacken in Meeresn\u00e4he sind in ganz Europa zu finden. Salzlacken im Binnenland sind jedoch auf den \u00f6stlichen Teil Europas und die Pannonische Tiefebene beschr\u00e4nkt. Die spezifischen \u00f6kologischen Bedingungen und die Schwankungen des Wasserspiegels sind ein Modellbeispiel f\u00fcr Beobachtungen einzelner Vegetationszonen. Das bedeutet, dass man hier die gesamte Spanne von feuchtliebenden, Staun\u00e4sse und einen hohen Salzgehalt vertragenden, bis hin zu trockenliebenden Pflanzenarten sehen kann.<br>Zwischen dem Ostufer des Neusiedler Sees und dem Hans\u00e1g liegen rund 45 Lacken. Extrem sind diese Wasserfl\u00e4chen in vielerlei Hinsicht - \u00e4hnlich wie der Neusiedler See ist auch der Wasserstand der Lacken von Nieder\u00acschlag und Verdunstung gepr\u00e4gt und reicht von maximal 70 cm im Fr\u00fchling bis hin zur kompletten Austrocknung im Hochsommer. Mit dem schwankenden Wasserspiegel \u00e4ndert sich auch die Konzentra\u00action an gel\u00f6sten Salzen dramatisch. Bei v\u00f6lliger Austrocknung kristallisie\u00acren diese Salze am Lackenboden und bilden einen wei\u00dfen \u00dcberzug. Nicht nur der Wechsel von Wasserstand und Salzgehalt, auch das Temperaturgef\u00e4lle zwischen Tag und Nacht macht Lacken kurz vor dem Austrocknen zu extremen Lebensr\u00e4umen mit hohen Salzkonzentrationen, in denen \u201ePflanzenspezialisten\u201c wachsen.<\/p>\n<\/div>\n\n\n\n<div class=\"wp-block-column is-layout-flow wp-block-column-is-layout-flow\" style=\"flex-basis:50%\">\n<figure class=\"wp-block-image size-large\"><img decoding=\"async\" width=\"683\" height=\"1024\" src=\"https:\/\/daphne.sk\/wp-content\/uploads\/2022\/12\/Opis3-2-683x1024.jpeg\" alt=\"\" class=\"wp-image-21945\" srcset=\"https:\/\/daphne.sk\/wp-content\/uploads\/2022\/12\/Opis3-2-683x1024.jpeg 683w, https:\/\/daphne.sk\/wp-content\/uploads\/2022\/12\/Opis3-2-200x300.jpeg 200w, https:\/\/daphne.sk\/wp-content\/uploads\/2022\/12\/Opis3-2-768x1152.jpeg 768w, https:\/\/daphne.sk\/wp-content\/uploads\/2022\/12\/Opis3-2-1024x1536.jpeg 1024w, https:\/\/daphne.sk\/wp-content\/uploads\/2022\/12\/Opis3-2-1365x2048.jpeg 1365w, https:\/\/daphne.sk\/wp-content\/uploads\/2022\/12\/Opis3-2-scaled.jpeg 1707w\" sizes=\"(max-width: 683px) 100vw, 683px\" \/><figcaption class=\"wp-element-caption\">Vt\u00e1k roka 2022 - dudok chochlat\u00fd. Foto: Juraj \u017diak<\/figcaption><\/figure>\n<\/div>\n<\/div>\n\n\n\n<div class=\"wp-block-columns is-layout-flex wp-container-core-columns-is-layout-28f84493 wp-block-columns-is-layout-flex\">\n<div class=\"wp-block-column is-vertically-aligned-center is-layout-flow wp-block-column-is-layout-flow\" style=\"flex-basis:50%\">\n<figure class=\"wp-block-image size-large\"><img decoding=\"async\" width=\"1024\" height=\"768\" src=\"https:\/\/daphne.sk\/wp-content\/uploads\/2022\/12\/Opis5-1024x768.jpeg\" alt=\"\" class=\"wp-image-21946\" srcset=\"https:\/\/daphne.sk\/wp-content\/uploads\/2022\/12\/Opis5-1024x768.jpeg 1024w, https:\/\/daphne.sk\/wp-content\/uploads\/2022\/12\/Opis5-300x225.jpeg 300w, https:\/\/daphne.sk\/wp-content\/uploads\/2022\/12\/Opis5-768x576.jpeg 768w, https:\/\/daphne.sk\/wp-content\/uploads\/2022\/12\/Opis5-1536x1152.jpeg 1536w, https:\/\/daphne.sk\/wp-content\/uploads\/2022\/12\/Opis5-2048x1536.jpeg 2048w, https:\/\/daphne.sk\/wp-content\/uploads\/2022\/12\/Opis5-scaled.jpeg 2560w\" sizes=\"(max-width: 1024px) 100vw, 1024px\" \/><figcaption class=\"wp-element-caption\">Ziehbrunnen erf\u00fcllten in der Vergangenheit eine wichtige Funktion bei der Weidehaltung von Tieren. Foto: Archiv Daphne<\/figcaption><\/figure>\n<\/div>\n\n\n\n<div class=\"wp-block-column is-vertically-aligned-center is-layout-flow wp-block-column-is-layout-flow\" style=\"flex-basis:50%\">\n<h3 class=\"wp-block-heading\">Fauna<\/h3>\n\n\n\n<p id=\"paragThreeT\">Der Neusiedler See bietet Lebensr\u00e4ume f\u00fcr rund 30 verschiedene Fischarten. Die gr\u00f6\u00dfte Artenvielfalt findet sich in der N\u00e4he des Schilfg\u00fcrtels rund um den See.<br>Der Nationalpark ist besonders f\u00fcr seine reiche Vogelwelt bekannt - bis zu 350 verschiedene Arten k\u00f6nnen hier beobachtet werden. Der Schilfg\u00fcrtel ist ein wichtiges Brutgebiet und eine wichtige Nahrungsquelle f\u00fcr viele Vogelarten. Man kann hier zum Beispiel&nbsp;<strong>Silberreiher<\/strong>&nbsp;<em>(Ardea alba)<\/em>,&nbsp;<strong>Seidenreiher<\/strong>&nbsp;<em>(Egretta garzetta)<\/em>,&nbsp;<strong>L\u00f6ffler<\/strong>&nbsp;<em>(Platalea leucorodia)<\/em>&nbsp;und<strong>&nbsp;Zwergscharben&nbsp;<\/strong><em>(Microcarbo pygmeus)<\/em>&nbsp;beobachten. Tausende Rohrs\u00e4nger bauen hier ihre Nester und suchen nach Nahrung. Hier br\u00fcten&nbsp;<strong>Rallen<\/strong>, zahlreiche&nbsp;<strong>Entenarten<\/strong>&nbsp;sowie&nbsp;<strong>Graug\u00e4nse<\/strong>&nbsp;<em>(Anser anser).<\/em><\/p>\n<\/div>\n<\/div>\n\n\n\n<div class=\"wp-block-columns is-layout-flex wp-container-core-columns-is-layout-28f84493 wp-block-columns-is-layout-flex\">\n<div class=\"wp-block-column is-vertically-aligned-center is-layout-flow wp-block-column-is-layout-flow\" style=\"flex-basis:50%\">\n<h3 class=\"wp-block-heading\"><strong>Naturph\u00e4nomen<\/strong><\/h3>\n\n\n\n<p>Der See nimmt eine tektonische Absenkung ein, die vor rund 15 000 Jahren entstanden ist. Als echter Steppensee zeichnet sich der Neusiedler See nicht nur durch seine geringe Wassertiefe, sondern vor allem durch seine ungew\u00f6hnliche Wasserbilanz aus. \u00dcber 80 Prozent des Wassers im See stammen aus Niederschl\u00e4gen und der Wasserstand unterliegt einer st\u00e4ndigen Dynamik.<br>Die Wasserspiegelschwankungen begr\u00fcnden auf der verh\u00e4ltnism\u00e4\u00dfig geringen Wassertiefe, die ein Maximum von 1,5 Metern erreicht. Nach einem Tiefstand im Sp\u00e4tsommer steigt der Wasserspiegel im Herbst wieder an, allerdings mit weniger Verdunstung und mehr Niederschl\u00e4gen, als an den hei\u00dfen Sommertagen.<br>Es gibt hier keine nat\u00fcrlichen Abfl\u00fcsse \u2013 nur ein einziger k\u00fcnstlicher Kanal wurde angelegt. Alles, was hineinflie\u00dft, vor allem Niederschl\u00e4ge, verdunstet und steigert den Salzgehalt des Sees und seiner Umgebung.<\/p>\n<\/div>\n\n\n\n<div class=\"wp-block-column is-layout-flow wp-block-column-is-layout-flow\" style=\"flex-basis:50%\">\n<figure class=\"wp-block-image size-large\"><img decoding=\"async\" width=\"1024\" height=\"768\" src=\"https:\/\/daphne.sk\/wp-content\/uploads\/2022\/12\/Opis2-3-1024x768.jpeg\" alt=\"\" class=\"wp-image-21947\" srcset=\"https:\/\/daphne.sk\/wp-content\/uploads\/2022\/12\/Opis2-3-1024x768.jpeg 1024w, https:\/\/daphne.sk\/wp-content\/uploads\/2022\/12\/Opis2-3-300x225.jpeg 300w, https:\/\/daphne.sk\/wp-content\/uploads\/2022\/12\/Opis2-3-768x576.jpeg 768w, https:\/\/daphne.sk\/wp-content\/uploads\/2022\/12\/Opis2-3-1536x1152.jpeg 1536w, https:\/\/daphne.sk\/wp-content\/uploads\/2022\/12\/Opis2-3-2048x1536.jpeg 2048w, https:\/\/daphne.sk\/wp-content\/uploads\/2022\/12\/Opis2-3-scaled.jpeg 2560w\" sizes=\"(max-width: 1024px) 100vw, 1024px\" \/><figcaption class=\"wp-element-caption\">Pannonischer Endemit \u2013 Strand-Aster. Foto: Archiv Daphne<\/figcaption><\/figure>\n<\/div>\n<\/div>\n\n\n\n<div class=\"wp-block-columns is-layout-flex wp-container-core-columns-is-layout-28f84493 wp-block-columns-is-layout-flex\">\n<div class=\"wp-block-column is-vertically-aligned-center is-layout-flow wp-block-column-is-layout-flow\" style=\"flex-basis:50%\">\n<figure class=\"wp-block-image size-large\"><img decoding=\"async\" width=\"1024\" height=\"768\" src=\"https:\/\/daphne.sk\/wp-content\/uploads\/2022\/12\/Opis4-3-1024x768.jpeg\" alt=\"\" class=\"wp-image-21948\" srcset=\"https:\/\/daphne.sk\/wp-content\/uploads\/2022\/12\/Opis4-3-1024x768.jpeg 1024w, https:\/\/daphne.sk\/wp-content\/uploads\/2022\/12\/Opis4-3-300x225.jpeg 300w, https:\/\/daphne.sk\/wp-content\/uploads\/2022\/12\/Opis4-3-768x576.jpeg 768w, https:\/\/daphne.sk\/wp-content\/uploads\/2022\/12\/Opis4-3-1536x1152.jpeg 1536w, https:\/\/daphne.sk\/wp-content\/uploads\/2022\/12\/Opis4-3-2048x1536.jpeg 2048w, https:\/\/daphne.sk\/wp-content\/uploads\/2022\/12\/Opis4-3-scaled.jpeg 2560w\" sizes=\"(max-width: 1024px) 100vw, 1024px\" \/><figcaption class=\"wp-element-caption\">Salzlacken findet man in nur wenigen Binnenl\u00e4ndern. Foto: Archiv Daphne<\/figcaption><\/figure>\n<\/div>\n\n\n\n<div class=\"wp-block-column is-vertically-aligned-center is-layout-flow wp-block-column-is-layout-flow\" style=\"flex-basis:50%\">\n<p>Dazu geh\u00f6rt auch die&nbsp;<strong>Gro\u00dfe Salzmelde<\/strong><em>&nbsp;(Sueda pannonica).<\/em>&nbsp;Sie geh\u00f6rt zu den Salzwiesenarten, die B\u00f6den mit dem h\u00f6chsten Salzgehalt besiedeln, und bildet oft gro\u00dffl\u00e4chige Best\u00e4nde ohne Vorkommen anderer Arten. Ein \u00e4hnlicher Spezialist ist auch die wei\u00df bl\u00fchende<strong>&nbsp;Salzkresse&nbsp;<\/strong><em>(Lepidium crassiflorum).<\/em>&nbsp;In Salzlacken, auf Salzwiesen und Steppen erbl\u00fcht im Sp\u00e4tsommer die&nbsp;<strong>Strand-Aster<\/strong>&nbsp;<em>(Tripolium pannonicum).<\/em>&nbsp;Sie hat wundersch\u00f6ne violette Bl\u00fcten. Die heutige Vegetation ist durch jahrhundertelange Beweidung entstanden.<br>Faszinierend ist das Ausma\u00df des Schilfg\u00fcrtels um den Neusiedler See. Der Schilfg\u00fcrtel ist 5 km breit und nimmt eine Fl\u00e4che von etwa 180 km\u00b2 ein. Diese Wildnis aus Schilfhalmen, Wasser und Schlamm stellt somit die zweitgr\u00f6\u00dfte zusammenh\u00e4ngende Schilf\u00acfl\u00e4che Europas dar \u2013 einzig das Schilfvorkommen im Donaudelta \u00fcbertrifft jenes des Sees. Was auf den ersten Blick einen recht monotonen Eindruck vermittelt, entpuppt sich bei genauerer Betrachtung als reich strukturierter Lebensraum mit Zonen aus Jung- und Altschilf, Freiwasserbereichen und Kan\u00e4len.<\/p>\n<\/div>\n<\/div>\n\n\n\n<div class=\"wp-block-columns is-layout-flex wp-container-core-columns-is-layout-28f84493 wp-block-columns-is-layout-flex\">\n<div class=\"wp-block-column is-vertically-aligned-center is-layout-flow wp-block-column-is-layout-flow\" style=\"flex-basis:50%\">\n<h3 class=\"wp-block-heading\"><strong>Naturschutz<\/strong><\/h3>\n\n\n\n<p>Die einzigartige Fauna und Flora wird durch die beiden Nationalparks Neusiedler See - Seewinkel und Fert\u0151-Hans\u00e1g gesch\u00fctzt. Der See und seine Kulturlandschaft sind seit 2001 auf der UNESCO-Liste des Welterbes. Der ungarische Nationalpark Fert\u0151-Hans\u00e1g Nemzeti besteht seit 1991. Er wurde zwei Jahre vor der Einrichtung des Nationalparks Neusiedler See - Seewinkel in \u00d6sterreich gegr\u00fcndet. Die Zusammenarbeit zwischen den beiden L\u00e4ndern hat im Bereich des Naturschutzes eine lange Tradition. Im Jahr 1994 wurde gemeinsam die Er\u00f6ffnung des grenz\u00fcberschreitenden Nationalparks gefeiert.<\/p>\n<\/div>\n\n\n\n<div class=\"wp-block-column is-vertically-aligned-center is-layout-flow wp-block-column-is-layout-flow\" style=\"flex-basis:50%\">\n<figure class=\"wp-block-image size-large\"><img decoding=\"async\" width=\"1024\" height=\"683\" src=\"https:\/\/daphne.sk\/wp-content\/uploads\/2022\/12\/seven-1024x683.jpeg\" alt=\"\" class=\"wp-image-21883\" srcset=\"https:\/\/daphne.sk\/wp-content\/uploads\/2022\/12\/seven-1024x683.jpeg 1024w, https:\/\/daphne.sk\/wp-content\/uploads\/2022\/12\/seven-300x200.jpeg 300w, https:\/\/daphne.sk\/wp-content\/uploads\/2022\/12\/seven-768x512.jpeg 768w, https:\/\/daphne.sk\/wp-content\/uploads\/2022\/12\/seven.jpeg 1500w\" sizes=\"(max-width: 1024px) 100vw, 1024px\" \/><\/figure>\n<\/div>\n<\/div>\n","protected":false},"excerpt":{"rendered":"<p>Neusiedler See, Fert\u0151 t\u00f3 Etwa 100 km2 des Nationalparks Neusiedler See - Seewinkel liegt auf \u00f6sterreichischem und 200 km2 auf ungarischem Staatsgebiet unter dem Namen Fert\u0151-Hans\u00e1g. In der Umgebung kann man viele Radwege nutzen, die eine Gesamtl\u00e4nge von 2 500 km erreichen. Der beliebteste, 138 Kilometer lange Radweg, ist mit dem Donauradweg verbunden. Vegetation Salzlacken<\/p>\n","protected":false},"featured_media":23296,"parent":0,"template":"","kategoria-bigling":[104],"class_list":["post-23566","bigling","type-bigling","status-publish","has-post-thumbnail","hentry","kategoria-bigling-lokality-rakusko-de"],"uagb_featured_image_src":{"full":["https:\/\/daphne.sk\/wp-content\/uploads\/2022\/11\/AT6.jpg",1920,1440,false],"thumbnail":["https:\/\/daphne.sk\/wp-content\/uploads\/2022\/11\/AT6-150x150.jpg",150,150,true],"medium":["https:\/\/daphne.sk\/wp-content\/uploads\/2022\/11\/AT6-300x225.jpg",300,225,true],"medium_large":["https:\/\/daphne.sk\/wp-content\/uploads\/2022\/11\/AT6-768x576.jpg",768,576,true],"large":["https:\/\/daphne.sk\/wp-content\/uploads\/2022\/11\/AT6-1024x768.jpg",1024,768,true],"1536x1536":["https:\/\/daphne.sk\/wp-content\/uploads\/2022\/11\/AT6-1536x1152.jpg",1536,1152,true],"2048x2048":["https:\/\/daphne.sk\/wp-content\/uploads\/2022\/11\/AT6-2048x1536.jpg",2048,1536,true],"woocommerce_thumbnail":["https:\/\/daphne.sk\/wp-content\/uploads\/2022\/11\/AT6-450x450.jpg",450,450,true]},"uagb_author_info":{"display_name":"M\u00e1ria Filov\u00e1","author_link":"https:\/\/daphne.sk\/de\/author\/"},"uagb_comment_info":0,"uagb_excerpt":"Neusiedler See, Fert\u0151 t\u00f3 Etwa 100 km2 des Nationalparks Neusiedler See - Seewinkel liegt auf \u00f6sterreichischem und 200 km2 auf ungarischem Staatsgebiet unter dem Namen Fert\u0151-Hans\u00e1g. In der Umgebung kann man viele Radwege nutzen, die eine Gesamtl\u00e4nge von 2 500 km erreichen. Der beliebteste, 138 Kilometer lange Radweg, ist mit dem Donauradweg verbunden. Vegetation Salzlacken","jetpack_sharing_enabled":true,"meta_box":{"bigling_intro":"<p id=\"heroTextOne\">Der Neusiedler See ist der westlichste Steppensee Europas und der gr\u00f6\u00dfte See \u00d6sterreichs. Er ist flach und leicht salzig. Der See nimmt einschlie\u00dflich des Schilfg\u00fcrtels heute eine Fl\u00e4che von etwa 320 km\u00b2 ein.<\/p>\n<p id=\"heroTextTwo\">Das Nationalparkzentrum Neusiedler See \u2013 Seewinkel in Illmitz bietet eine informative naturwissenschaftliche Ausstellung und die nahe Beobachtungsplattform ist ideal f\u00fcr die ungest\u00f6rte Vogelbeobachtung (Birdwatching).<\/p>\n<p id=\"heroTextThree\">Die Lange Lacke ist die gr\u00f6\u00dfte von \u00fcber 40 Salzlacken im Nationalpark und ein Vogelparadies von gemeinschaftlicher Bedeutung.<\/p>\n","bigling_lokalita":"Burgenland","bigling_mapa":"https:\/\/daphne.sk\/maps\/Neusiedlersee\/#de","bigling_youtube":"https:\/\/www.youtube.com\/watch?v=3IMx9Z2oL2g","pracovne_listy":[]},"_links":{"self":[{"href":"https:\/\/daphne.sk\/de\/wp-json\/wp\/v2\/bigling\/23566","targetHints":{"allow":["GET"]}}],"collection":[{"href":"https:\/\/daphne.sk\/de\/wp-json\/wp\/v2\/bigling"}],"about":[{"href":"https:\/\/daphne.sk\/de\/wp-json\/wp\/v2\/types\/bigling"}],"wp:featuredmedia":[{"embeddable":true,"href":"https:\/\/daphne.sk\/de\/wp-json\/wp\/v2\/media\/23296"}],"wp:attachment":[{"href":"https:\/\/daphne.sk\/de\/wp-json\/wp\/v2\/media?parent=23566"}],"wp:term":[{"taxonomy":"kategoria-bigling","embeddable":true,"href":"https:\/\/daphne.sk\/de\/wp-json\/wp\/v2\/kategoria-bigling?post=23566"}],"curies":[{"name":"wp","href":"https:\/\/api.w.org\/{rel}","templated":true}]}}